{"id":26,"date":"2016-11-13T20:22:28","date_gmt":"2016-11-13T19:22:28","guid":{"rendered":"https:\/\/chorgemeinschaft-hittisau.at\/Chor_Hittisau\/?page_id=26"},"modified":"2025-12-31T14:23:15","modified_gmt":"2025-12-31T13:23:15","slug":"vorstand","status":"publish","type":"page","link":"https:\/\/chorgemeinschaft-hittisau.at\/Chor_Hittisau\/vorstand\/","title":{"rendered":"Vorstand"},"content":{"rendered":"<section class=\"l-section wpb_row us_custom_04e7aa0a height_medium\"><div class=\"l-section-h i-cf\"><div class=\"g-cols vc_row via_flex valign_top type_default stacking_default\"><div class=\"vc_col-sm-12 wpb_column vc_column_container\"><div class=\"vc_column-inner\"><div class=\"wpb_wrapper\"><div class=\"w-image align_center\"><a ref=\"magnificPopup\" href=\"https:\/\/chorgemeinschaft-hittisau.at\/Chor_Hittisau\/wp-content\/uploads\/IMG_6947-1-skaliert.jpg\" aria-label=\"IMG_6947-1 skaliert\" class=\"w-image-h\"><img decoding=\"async\" width=\"1000\" height=\"524\" src=\"https:\/\/chorgemeinschaft-hittisau.at\/Chor_Hittisau\/wp-content\/uploads\/IMG_6947-1-skaliert.jpg\" class=\"attachment-large size-large\" alt=\"\" loading=\"lazy\" srcset=\"https:\/\/chorgemeinschaft-hittisau.at\/Chor_Hittisau\/wp-content\/uploads\/IMG_6947-1-skaliert.jpg 1000w, https:\/\/chorgemeinschaft-hittisau.at\/Chor_Hittisau\/wp-content\/uploads\/IMG_6947-1-skaliert-300x157.jpg 300w, https:\/\/chorgemeinschaft-hittisau.at\/Chor_Hittisau\/wp-content\/uploads\/IMG_6947-1-skaliert-600x314.jpg 600w, https:\/\/chorgemeinschaft-hittisau.at\/Chor_Hittisau\/wp-content\/uploads\/IMG_6947-1-skaliert-768x402.jpg 768w\" sizes=\"auto, (max-width: 1000px) 100vw, 1000px\" \/><\/a><\/div><div class=\"wpb_text_column\"><div class=\"wpb_wrapper\"><p>v.l.n.r:\u00a0 Waltraud Eberle, Markus Steurer, Gudrun M\u00e4tzler, Erich Kohler, Martina Gell, Willi Kasper, Doris dall&#8217;Armi, Georg dall&#8217;Armi,<\/p>\n<\/div><\/div><\/div><\/div><\/div><\/div><\/div><\/section><section class=\"l-section wpb_row us_custom_edf2c04e height_medium\"><div class=\"l-section-h i-cf\"><div class=\"g-cols vc_row via_flex valign_top type_default stacking_default\"><div class=\"vc_col-sm-12 wpb_column vc_column_container\"><div class=\"vc_column-inner\"><div class=\"wpb_wrapper\"><div class=\"w-separator size_medium with_line width_default thick_1 style_solid color_border align_center with_content\"><div class=\"w-separator-h\"><i class=\"fas fa-music\"><\/i><\/div><\/div><\/div><\/div><\/div><\/div><\/div><\/section><section class=\"l-section wpb_row us_custom_edf2c04e height_medium\"><div class=\"l-section-h i-cf\"><div class=\"g-cols vc_row via_flex valign_top type_default stacking_default\"><div class=\"vc_col-sm-12 wpb_column vc_column_container\"><div class=\"vc_column-inner\"><div class=\"wpb_wrapper\"><div class=\"wpb_text_column\"><div class=\"wpb_wrapper\"><h2>Vorstand<\/h2>\n<hr class=\"style1\" \/>\n<\/div><\/div><\/div><\/div><\/div><\/div><\/div><\/section><section class=\"l-section wpb_row us_custom_edf2c04e height_medium\"><div class=\"l-section-h i-cf\"><div class=\"g-cols vc_row via_flex valign_top type_default stacking_default\"><div class=\"vc_col-sm-3 wpb_column vc_column_container\"><div class=\"vc_column-inner\"><div class=\"wpb_wrapper\"><div class=\"wpb_text_column\"><div class=\"wpb_wrapper\"><p><span style=\"text-decoration: underline;\"><strong>Chorleiter:<\/strong><\/span><\/p>\n<table>\n<colgroup>\n<col width=\"150px\" \/>\n<col width=\"150px\" \/> <\/colgroup>\n<tbody>\n<tr>\n<td>Wachter<\/td>\n<td>Mathias<\/td>\n<\/tr>\n<\/tbody>\n<\/table>\n<\/div><\/div><div class=\"wpb_text_column us_custom_d2199d32\"><div class=\"wpb_wrapper\"><p><span style=\"text-decoration: underline;\"><strong>Chorleiter-Stv.:<\/strong><\/span><\/p>\n<table>\n<colgroup>\n<col width=\"150px\" \/>\n<col width=\"150px\" \/><\/colgroup>\n<tbody>\n<tr>\n<td><\/td>\n<td><\/td>\n<\/tr>\n<\/tbody>\n<\/table>\n<\/div><\/div><\/div><\/div><\/div><div class=\"vc_col-sm-3 wpb_column vc_column_container\"><div class=\"vc_column-inner\"><div class=\"wpb_wrapper\"><div class=\"wpb_text_column\"><div class=\"wpb_wrapper\"><p><span style=\"text-decoration: underline;\"><strong>Obfrau:<\/strong><\/span><\/p>\n<table>\n<colgroup>\n<col width=\"150px\" \/>\n<col width=\"150px\" \/> <\/colgroup>\n<tbody>\n<tr>\n<td>Eberle<\/td>\n<td>Waltraud<\/td>\n<\/tr>\n<\/tbody>\n<\/table>\n<\/div><\/div><div class=\"wpb_text_column\"><div class=\"wpb_wrapper\"><p><span style=\"text-decoration: underline;\"><strong>Obfrau-Stv.:<\/strong><\/span><\/p>\n<table>\n<colgroup>\n<col width=\"150px\" \/>\n<col width=\"150px\" \/> <\/colgroup>\n<tbody>\n<tr>\n<td>Dorner<\/td>\n<td>Sabine<\/td>\n<\/tr>\n<\/tbody>\n<\/table>\n<\/div><\/div><\/div><\/div><\/div><div class=\"vc_col-sm-3 wpb_column vc_column_container\"><div class=\"vc_column-inner\"><div class=\"wpb_wrapper\"><div class=\"wpb_text_column\"><div class=\"wpb_wrapper\"><p><span style=\"text-decoration: underline;\"><strong>Kassierin:<\/strong><\/span><\/p>\n<table>\n<colgroup>\n<col width=\"150px\" \/>\n<col width=\"150px\" \/> <\/colgroup>\n<tbody>\n<tr>\n<td>Dorner<\/td>\n<td>Sabine<\/td>\n<\/tr>\n<\/tbody>\n<\/table>\n<\/div><\/div><div class=\"wpb_text_column us_custom_d2199d32\"><div class=\"wpb_wrapper\"><p><span style=\"text-decoration: underline;\"><strong>Schriftf\u00fchrerin:<\/strong><\/span><\/p>\n<table>\n<colgroup>\n<col width=\"150px\" \/>\n<col width=\"150px\" \/> <\/colgroup>\n<tbody>\n<tr>\n<td>Gell<\/td>\n<td>Martina<\/td>\n<\/tr>\n<\/tbody>\n<\/table>\n<\/div><\/div><\/div><\/div><\/div><div class=\"vc_col-sm-3 wpb_column vc_column_container\"><div class=\"vc_column-inner\"><div class=\"wpb_wrapper\"><div class=\"wpb_text_column\"><div class=\"wpb_wrapper\"><p><span style=\"text-decoration: underline;\"><strong>Beir\u00e4te:<\/strong><\/span><\/p>\n<table>\n<colgroup>\n<col width=\"150px\" \/>\n<col width=\"150px\" \/> <\/colgroup>\n<tbody>\n<tr>\n<td>Kohler<\/td>\n<td>Erich<\/td>\n<\/tr>\n<tr>\n<td>M\u00e4tzler<\/td>\n<td>Gudrun<\/td>\n<\/tr>\n<tr>\n<td>Nussbaumer<\/td>\n<td>Simone<\/td>\n<\/tr>\n<\/tbody>\n<\/table>\n<\/div><\/div><\/div><\/div><\/div><\/div><\/div><\/section>\n","protected":false},"excerpt":{"rendered":"v.l.n.r:\u00a0 Waltraud Eberle, Markus Steurer, Gudrun M\u00e4tzler, Erich Kohler, Martina Gell, Willi Kasper, Doris dall&#8217;Armi, Georg dall&#8217;Armi, Vorstand Chorleiter: Wachter Mathias Chorleiter-Stv.: Obfrau: Eberle Waltraud Obfrau-Stv.: Dorner Sabine Kassierin: Dorner Sabine Schriftf\u00fchrerin: Gell Martina Beir\u00e4te: Kohler Erich M\u00e4tzler Gudrun Nussbaumer Simone","protected":false},"author":1,"featured_media":0,"parent":0,"menu_order":0,"comment_status":"closed","ping_status":"closed","template":"","meta":{"footnotes":""},"class_list":["post-26","page","type-page","status-publish","hentry"],"_links":{"self":[{"href":"https:\/\/chorgemeinschaft-hittisau.at\/Chor_Hittisau\/wp-json\/wp\/v2\/pages\/26","targetHints":{"allow":["GET"]}}],"collection":[{"href":"https:\/\/chorgemeinschaft-hittisau.at\/Chor_Hittisau\/wp-json\/wp\/v2\/pages"}],"about":[{"href":"https:\/\/chorgemeinschaft-hittisau.at\/Chor_Hittisau\/wp-json\/wp\/v2\/types\/page"}],"author":[{"embeddable":true,"href":"https:\/\/chorgemeinschaft-hittisau.at\/Chor_Hittisau\/wp-json\/wp\/v2\/users\/1"}],"replies":[{"embeddable":true,"href":"https:\/\/chorgemeinschaft-hittisau.at\/Chor_Hittisau\/wp-json\/wp\/v2\/comments?post=26"}],"version-history":[{"count":33,"href":"https:\/\/chorgemeinschaft-hittisau.at\/Chor_Hittisau\/wp-json\/wp\/v2\/pages\/26\/revisions"}],"predecessor-version":[{"id":1561,"href":"https:\/\/chorgemeinschaft-hittisau.at\/Chor_Hittisau\/wp-json\/wp\/v2\/pages\/26\/revisions\/1561"}],"wp:attachment":[{"href":"https:\/\/chorgemeinschaft-hittisau.at\/Chor_Hittisau\/wp-json\/wp\/v2\/media?parent=26"}],"curies":[{"name":"wp","href":"https:\/\/api.w.org\/{rel}","templated":true}]}}