{"id":30,"date":"2016-11-13T20:24:34","date_gmt":"2016-11-13T19:24:34","guid":{"rendered":"https:\/\/chorgemeinschaft-hittisau.at\/Chor_Hittisau\/?page_id=30"},"modified":"2020-03-10T18:25:49","modified_gmt":"2020-03-10T17:25:49","slug":"geschichte-2","status":"publish","type":"page","link":"https:\/\/chorgemeinschaft-hittisau.at\/Chor_Hittisau\/geschichte-2\/","title":{"rendered":"Geschichte"},"content":{"rendered":"<section class=\"l-section wpb_row us_custom_04e7aa0a height_medium\"><div class=\"l-section-h i-cf\"><div class=\"g-cols vc_row via_flex valign_top type_default stacking_default\"><div class=\"vc_col-sm-12 wpb_column vc_column_container\"><div class=\"vc_column-inner\"><div class=\"wpb_wrapper\"><div class=\"wpb_text_column\"><div class=\"wpb_wrapper\"><h2>Geschichte<\/h2>\n<hr class=\"style1\" \/>\n<\/div><\/div><\/div><\/div><\/div><\/div><\/div><\/section><section class=\"l-section wpb_row us_custom_edf2c04e height_medium\"><div class=\"l-section-h i-cf\"><div class=\"g-cols vc_row via_flex valign_top type_default stacking_default\"><div class=\"vc_col-sm-12 wpb_column vc_column_container\"><div class=\"vc_column-inner\"><div class=\"wpb_wrapper\"><div class=\"wpb_text_column\"><div class=\"wpb_wrapper\"><p>Der Verein wurde am 10. Oktober 1965 als \u201eGemischter Chor Hittisau&#8220; gegr\u00fcndet. Im Jahre 1979 erfolgte die Umbenennung in \u201eChorgemeinschaft Hittisau&#8220;. Die Anzahl der S\u00e4ngerinnen und S\u00e4nger schwankte in diesen mehr als 50 Jahren des Bestehens zwischen 35 und 55 Frauen und M\u00e4nnern. Seit 1990 erfreut sich der Verein \u00fcber eine Vereinsfahne.<\/p>\n<\/div><\/div><\/div><\/div><\/div><\/div><\/div><\/section><section class=\"l-section wpb_row us_custom_edf2c04e height_medium\"><div class=\"l-section-h i-cf\"><div class=\"g-cols vc_row via_flex valign_top type_default stacking_default\"><div class=\"vc_col-sm-4 wpb_column vc_column_container\"><div class=\"vc_column-inner\"><div class=\"wpb_wrapper\"><div class=\"wpb_text_column\"><div class=\"wpb_wrapper\"><p><span style=\"text-decoration: underline;\"><strong>Gr\u00fcndungsmitglieder am 10.10.1965:<\/strong><\/span><\/p>\n<\/div><\/div><div class=\"wpb_text_column\"><div class=\"wpb_wrapper\"><table>\n<colgroup>\n<col width=\"200px\" \/>\n<col width=\"200px\" \/> <\/colgroup>\n<tbody>\n<tr>\n<td>Lina Arnoldi<\/td>\n<td>Bolgenach (+)<\/td>\n<\/tr>\n<tr>\n<td>Resi Bartenstein<\/td>\n<td>Lie\u00dfenbach (+)<\/td>\n<\/tr>\n<tr>\n<td>Anton Bartenstein<\/td>\n<td>Lie\u00dfenbach (+)<\/td>\n<\/tr>\n<tr>\n<td>Jodok Bechter<\/td>\n<td>Kirchenb\u00fchl (+)<\/td>\n<\/tr>\n<tr>\n<td>Lena Bechter<\/td>\n<td>Heideggen (+)<\/td>\n<\/tr>\n<tr>\n<td>Ludwig Bechter<\/td>\n<td>Dorf (+)<\/td>\n<\/tr>\n<tr>\n<td>Josef Fink<\/td>\n<td>Heideggen (+)<\/td>\n<\/tr>\n<tr>\n<td>Herma Flatz<\/td>\n<td>Heideggen<\/td>\n<\/tr>\n<tr>\n<td>Maria Hammerer<\/td>\n<td>Reute (+)<\/td>\n<\/tr>\n<\/tbody>\n<\/table>\n<\/div><\/div><\/div><\/div><\/div><div class=\"vc_col-sm-4 wpb_column vc_column_container\"><div class=\"vc_column-inner\"><div class=\"wpb_wrapper\"><div class=\"wpb_text_column\"><div class=\"wpb_wrapper\"><p><strong>\u00a0<\/strong><\/p>\n<\/div><\/div><div class=\"wpb_text_column\"><div class=\"wpb_wrapper\"><table>\n<colgroup>\n<col width=\"200px\" \/>\n<col width=\"200px\" \/> <\/colgroup>\n<tbody>\n<tr>\n<td>Anna Hagspiel<\/td>\n<td>Windern (+)<\/td>\n<\/tr>\n<tr>\n<td>Gerard Hagspiel<\/td>\n<td>Scheidbach<\/td>\n<\/tr>\n<tr>\n<td>Hermann Hagspiel<\/td>\n<td>Windern (+)<\/td>\n<\/tr>\n<tr>\n<td>Dir. Elmar Huber<\/td>\n<td>Heideggen (+)<\/td>\n<\/tr>\n<tr>\n<td>Rosa Huber<\/td>\n<td>Heideggen (+)<\/td>\n<\/tr>\n<tr>\n<td>Dir. Wilhelm Huber<\/td>\n<td>Heideggen (+)<\/td>\n<\/tr>\n<tr>\n<td>Nella L\u00e4sser<\/td>\n<td>Rain (+)<\/td>\n<\/tr>\n<tr>\n<td>Peter L\u00e4sser<\/td>\n<td>Dorf (+)<\/td>\n<\/tr>\n<tr>\n<td>Herta Loitz<\/td>\n<td>Hirtobel<\/td>\n<\/tr>\n<\/tbody>\n<\/table>\n<\/div><\/div><\/div><\/div><\/div><div class=\"vc_col-sm-4 wpb_column vc_column_container\"><div class=\"vc_column-inner\"><div class=\"wpb_wrapper\"><div class=\"wpb_text_column\"><div class=\"wpb_wrapper\"><p><strong>\u00a0<\/strong><\/p>\n<\/div><\/div><div class=\"wpb_text_column\"><div class=\"wpb_wrapper\"><table>\n<colgroup>\n<col width=\"200px\" \/>\n<col width=\"200px\" \/> <\/colgroup>\n<tbody>\n<tr>\n<td>Marlies Mennel<\/td>\n<td>Heideggen<\/td>\n<\/tr>\n<tr>\n<td>Wolfgang Schw\u00e4rzler<\/td>\n<td>Platz<\/td>\n<\/tr>\n<tr>\n<td>Annelies Sutterl\u00fcti<\/td>\n<td>Hinteregg<\/td>\n<\/tr>\n<tr>\n<td>Gertrud Steurer<\/td>\n<td>Windern<\/td>\n<\/tr>\n<tr>\n<td>Helene Steurer<\/td>\n<td>Windern<\/td>\n<\/tr>\n<tr>\n<td>Silvia Weiss<\/td>\n<td>Banholz<\/td>\n<\/tr>\n<tr>\n<td>Johann Weiss<\/td>\n<td>Banholz (+)<\/td>\n<\/tr>\n<\/tbody>\n<\/table>\n<\/div><\/div><\/div><\/div><\/div><\/div><\/div><\/section><section class=\"l-section wpb_row us_custom_edf2c04e height_medium\"><div class=\"l-section-h i-cf\"><div class=\"g-cols vc_row via_flex valign_top type_default stacking_default\"><div class=\"vc_col-sm-6 wpb_column vc_column_container\"><div class=\"vc_column-inner\"><div class=\"wpb_wrapper\"><div class=\"wpb_text_column\"><div class=\"wpb_wrapper\"><p><strong><span style=\"text-decoration: underline;\">Vereinsausschuss des \u201eGemischten Chores Hittisau\u201c im Jahre 1965:<\/span><\/strong><\/p>\n<\/div><\/div><div class=\"wpb_text_column\"><div class=\"wpb_wrapper\"><table>\n<colgroup>\n<col width=\"50px\" \/>\n<col width=\"200px\" \/>\n<col width=\"100px\" \/> <\/colgroup>\n<tbody>\n<tr>\n<td>Obmann<\/td>\n<td>Jodok Bechter<\/td>\n<td>Windern<\/td>\n<\/tr>\n<tr>\n<td>Obmann-Stv<\/td>\n<td>Hermann Hagspiel<\/td>\n<td>Windern<\/td>\n<\/tr>\n<tr>\n<td>Chorleiter<\/td>\n<td>Wolfgang Schw\u00e4rzler<\/td>\n<td>Platz<\/td>\n<\/tr>\n<tr>\n<td>Chorleiter-Stv<\/td>\n<td>Elmar Huber<\/td>\n<td>Heideggen<\/td>\n<\/tr>\n<\/tbody>\n<\/table>\n<\/div><\/div><\/div><\/div><\/div><div class=\"vc_col-sm-6 wpb_column vc_column_container\"><div class=\"vc_column-inner\"><div class=\"wpb_wrapper\"><div class=\"wpb_text_column\"><div class=\"wpb_wrapper\"><p><strong>\u00a0<\/strong><\/p>\n<\/div><\/div><div class=\"wpb_text_column\"><div class=\"wpb_wrapper\"><table>\n<colgroup>\n<col width=\"50px\" \/>\n<col width=\"200px\" \/>\n<col width=\"100px\" \/> <\/colgroup>\n<tbody>\n<tr>\n<td>Kassier<\/td>\n<td>Gerard Hagspiel<\/td>\n<td>Scheidbach<\/td>\n<\/tr>\n<tr>\n<td>Schriftf\u00fchrerin<\/td>\n<td>Herta Loitz<\/td>\n<td>Tobel<\/td>\n<\/tr>\n<tr>\n<td>Beirat<\/td>\n<td>Lena Bechter<\/td>\n<td>Heideggen<\/td>\n<\/tr>\n<tr>\n<td>Beirat<\/td>\n<td>Annelies Sutterl\u00fcti<\/td>\n<td>Hinteregg<\/td>\n<\/tr>\n<\/tbody>\n<\/table>\n<\/div><\/div><\/div><\/div><\/div><\/div><\/div><\/section><section class=\"l-section wpb_row us_custom_edf2c04e height_medium\"><div class=\"l-section-h i-cf\"><div class=\"g-cols vc_row via_flex valign_top type_default stacking_default\"><div class=\"vc_col-sm-12 wpb_column vc_column_container\"><div class=\"vc_column-inner\"><div class=\"wpb_wrapper\"><div class=\"wpb_text_column\"><div class=\"wpb_wrapper\"><h3><span style=\"text-decoration: underline;\"><strong>Chorspuren der letzten Jahre<\/strong><\/span><\/h3>\n<p><strong>Messgestaltungen der Hochfeste im Kirchenjahr:<\/strong><br \/>\nWeihnachten, Patrozinium, Ostern, Pfingsten, Fronleichnam, Christi Himmelfahrt, Erntedank, Allerheiligen<\/p>\n<p><strong>Radio- und Fernsehgottesdienste:<\/strong><br \/>\n1972, 2005, 2014<\/p>\n<p><strong>Mitwirken bei kirchlichen Ausr\u00fcckungen<\/strong>:<br \/>\nPfarrverabschiedungen, Pfarrjubil\u00e4um, Priesterweihe \/ Primizfeier, Hochzeiten, Beerdigungen&#8230;<\/p>\n<p><strong>Mitwirken bei weltlichen Ausr\u00fcckungen<\/strong>:<br \/>\nHeimatabende, Pfingsttanz, Landess\u00e4ngertage, Wertungssingen, Preisjassen, S\u00e4ngerfeste, Faschingsabende, Geburtstage, Ehrungen&#8230;<\/p>\n<\/div><\/div><\/div><\/div><\/div><\/div><\/div><\/section><section class=\"l-section wpb_row us_custom_edf2c04e height_medium\"><div class=\"l-section-h i-cf\"><div class=\"g-cols vc_row via_flex valign_top type_default stacking_default\"><div class=\"vc_col-sm-6 wpb_column vc_column_container\"><div class=\"vc_column-inner\"><div class=\"wpb_wrapper\"><div class=\"wpb_text_column\"><div class=\"wpb_wrapper\"><p><strong>Konzerte:<\/strong><\/p>\n<table>\n<colgroup>\n<col width=\"350px\" \/> <\/colgroup>\n<tbody>\n<tr>\n<td>Gemeinschaftskonzerte mit der B\u00fcrgermusik Hittisau und dem Musikverein Hittisau-Bolgenach<\/td>\n<\/tr>\n<tr>\n<td>Weihnachtskonzert mit M\u00e4nnergesangsverein<\/td>\n<\/tr>\n<tr>\n<td>Muttertagskonzert<\/td>\n<\/tr>\n<tr>\n<td>kirchliches Festkonzert zum 10-j\u00e4hrigen Jubil\u00e4um (1975)<\/td>\n<\/tr>\n<tr>\n<td>Feiertagskonzerte, Gemeinschaftskonzerte<\/td>\n<\/tr>\n<\/tbody>\n<\/table>\n<\/div><\/div><\/div><\/div><\/div><div class=\"vc_col-sm-6 wpb_column vc_column_container\"><div class=\"vc_column-inner\"><div class=\"wpb_wrapper\"><div class=\"wpb_text_column\"><div class=\"wpb_wrapper\"><p><strong>\u00a0<\/strong><\/p>\n<table>\n<colgroup>\n<col width=\"350px\" \/> <\/colgroup>\n<tbody>\n<tr>\n<td>Festtage zum Abschluss der Restaurierung der Sch\u00f6nach-Orgel<\/td>\n<\/tr>\n<tr>\n<td>Jubil\u00e4umskonzert zum 25-Jahr-Jubil\u00e4um (1990)<\/td>\n<\/tr>\n<tr>\n<td>Chorkonzert \u201eMozartjahr 2006 plus 1\u201c<\/td>\n<\/tr>\n<tr>\n<td>Chorkonzert \u201eHow deep is your love\u201c (2010)<\/td>\n<\/tr>\n<tr>\n<td>Jubil\u00e4umskonzert \u201eBest of\u201c (2015)<\/td>\n<\/tr>\n<\/tbody>\n<\/table>\n<\/div><\/div><\/div><\/div><\/div><\/div><\/div><\/section><section class=\"l-section wpb_row us_custom_edf2c04e height_medium\"><div class=\"l-section-h i-cf\"><div class=\"g-cols vc_row via_flex valign_top type_default stacking_default\"><div class=\"vc_col-sm-4 wpb_column vc_column_container\"><div class=\"vc_column-inner\"><div class=\"wpb_wrapper\"><div class=\"wpb_text_column\"><div class=\"wpb_wrapper\"><p><strong>S\u00e4ngerb\u00e4lle:<\/strong><\/p>\n<\/div><\/div><div class=\"wpb_text_column\"><div class=\"wpb_wrapper\"><table>\n<colgroup>\n<col width=\"350px\" \/> <\/colgroup>\n<tbody>\n<tr>\n<td>\u201eFischerkneippe, Seemann\u201c<\/td>\n<\/tr>\n<tr>\n<td>\u201eG\u00e4nsebl\u00fcmchen &amp; Schmetterling\u201c<\/td>\n<\/tr>\n<tr>\n<td>\u201ePusztafreuden\u201c<\/td>\n<\/tr>\n<tr>\n<td>\u201eTulpen aus Amsterdam\u201c<\/td>\n<\/tr>\n<tr>\n<td>\u201eFr\u00fchling im Prater\u201c<\/td>\n<\/tr>\n<tr>\n<td>\u201eBallnacht in Italien\u201c<\/td>\n<\/tr>\n<tr>\n<td>\u201eIch h\u00e4tt\u2018 getanzt heut\u2018 Nacht\u201c<\/td>\n<\/tr>\n<tr>\n<td>\u201eMaske in blau\u201c<\/td>\n<\/tr>\n<tr>\n<td>\u201eImmer wieder geht die Sonne auf\u201c<\/td>\n<\/tr>\n<tr>\n<td>\u201eTanzt und singt die ganze Nacht\u201c<\/td>\n<\/tr>\n<tr>\n<td>\u201eWienerisch\u201c<\/td>\n<\/tr>\n<\/tbody>\n<\/table>\n<\/div><\/div><\/div><\/div><\/div><div class=\"vc_col-sm-4 wpb_column vc_column_container\"><div class=\"vc_column-inner\"><div class=\"wpb_wrapper\"><div class=\"wpb_text_column\"><div class=\"wpb_wrapper\"><p>\u00a0<\/p>\n<\/div><\/div><div class=\"wpb_text_column\"><div class=\"wpb_wrapper\"><table>\n<colgroup>\n<col width=\"350px\" \/> <\/colgroup>\n<tbody>\n<tr>\n<td>\u201eZigeunerleben\u201c<\/td>\n<\/tr>\n<tr>\n<td>\u201eAus meinen Tr\u00e4umen\u201c<\/td>\n<\/tr>\n<tr>\n<td>\u201ePariser Leben\u201c<\/td>\n<\/tr>\n<tr>\n<td>\u201eSpanische N\u00e4chte\u201c<\/td>\n<\/tr>\n<tr>\n<td>\u201eWei\u00dfe Rosen aus Athen\u201c<\/td>\n<\/tr>\n<tr>\n<td>\u201eEin Hauch von Venedig\u201c<\/td>\n<\/tr>\n<tr>\n<td>\u201eCanta e Baila\u201c<\/td>\n<\/tr>\n<tr>\n<td>\u201eThe phantom of the opera\u201c<\/td>\n<\/tr>\n<tr>\n<td>\u201eA Herz \u2026 wia a Bergwerk\u201c<\/td>\n<\/tr>\n<tr>\n<td>\u201eWe have a dream\u201c<\/td>\n<\/tr>\n<tr>\n<td>\u201eThe dancing queen\u201c<\/td>\n<\/tr>\n<\/tbody>\n<\/table>\n<\/div><\/div><\/div><\/div><\/div><div class=\"vc_col-sm-4 wpb_column vc_column_container\"><div class=\"vc_column-inner\"><div class=\"wpb_wrapper\"><div class=\"wpb_text_column\"><div class=\"wpb_wrapper\"><p>\u00a0<\/p>\n<\/div><\/div><div class=\"wpb_text_column\"><div class=\"wpb_wrapper\"><table>\n<colgroup>\n<col width=\"350px\" \/> <\/colgroup>\n<tbody>\n<tr>\n<td>\u201eKaribische Nacht\u201c<\/td>\n<\/tr>\n<tr>\n<td>\u201eNew York, New York\u201c<\/td>\n<\/tr>\n<tr>\n<td>\u201e\u2026 dich gibt\u2019s nur einmal \u2026\u201c<\/td>\n<\/tr>\n<tr>\n<td>\u201eWie im Himmel\u201c<\/td>\n<\/tr>\n<tr>\n<td>\u201eLet it be\u201c,<\/td>\n<\/tr>\n<tr>\n<td>\u201eThe lion sleeps tonight\u201c<\/td>\n<\/tr>\n<tr>\n<td>\u201eSuperstar\u201c<\/td>\n<\/tr>\n<tr>\n<td>\u201eFrauen sind wunderbar \u2026 anders\u201c<\/td>\n<\/tr>\n<tr>\n<td>\u201e\u00dcber den Wolken\u201c<\/td>\n<\/tr>\n<tr>\n<td>\u201eLife is a tango\u201c<\/td>\n<\/tr>\n<tr>\n<td>&#8222;Afrika, Afrika&#8220;<\/td>\n<\/tr>\n<tr>\n<td>&#8222;Wochenend und Sonnenschein&#8220;<\/td>\n<\/tr>\n<\/tbody>\n<\/table>\n<\/div><\/div><\/div><\/div><\/div><\/div><\/div><\/section><section class=\"l-section wpb_row us_custom_1f64da91 height_medium\"><div class=\"l-section-h i-cf\"><div class=\"g-cols vc_row via_flex valign_top type_default stacking_default\"><div class=\"vc_col-sm-12 wpb_column vc_column_container\"><div class=\"vc_column-inner\"><div class=\"wpb_wrapper\"><div class=\"wpb_text_column\"><div class=\"wpb_wrapper\"><p><strong>Organisation verschiedener Kabaretts und Konzerte:<\/strong><br \/>\nz.B. \u201eStemmeisen &amp; Z\u00fcndschnur\u201c; \u201eDar M\u00e4tsch\u201c, \u201eDie Brennesseln\u201c&#8230;<\/p>\n<p><strong>J\u00e4hrliche Jahreswenden:<\/strong><br \/>\n(seit 2000) mit verschiedenen Festrednern (Dr. Johann Steurer, Mag. Willibald Feinig, Dr. Hans Weiss, Dr. Hermann Hagspiel, Dr. Helmut Bechter, Prim. Dr. Albert Lingg, Dr. Franz Josef K\u00f6b, DI Christoph Hinteregger, Hedy Lipburger, Mag. Gallus St\u00f6ckler, Prim. Dr. Reinhard Haller, Dr. Bruno Oberhammer, Dr. Peter Natter, Dr. Oswald \u00d6lz, Dr. Johannes Schmidle, Dr. Walter Schmolly) zum Thema \u201eWenden \u2013 wohin?\u201c<\/p>\n<p><strong>Matineen:<br \/>\n<\/strong>Hittisau singt, s\u00e4ngerischer Festakt zur Fahnenweihe&#8230;<\/p>\n<p><strong>Mitwirkung bei anderen Konzerten:<br \/>\n<\/strong>Alpenl\u00e4ndische Chorweihnacht, Chorfenster, Adventssingen, W\u00e4lder Mundartabend&#8230;<\/p>\n<p><strong>Ausfl\u00fcge, Wanderungen:<br \/>\n<\/strong>Tessin, Oberbayern, Salzkammergut, S\u00fcdtirol, Zillertal, Obertraun, Rothenburg ob der Tauber, Meersburg, Serfaus, oberschw\u00e4bische Barockstra\u00dfe, Osttirol, Elsass, Ottobeuren und Bad W\u00f6rishofen, Achensee, Luzern, Rheinf\u00e4lle Schaffhausen, Altm\u00fchltal, Insel Reichenau, Vinschgau, Viktorsberg und St. Gerold, W\u00fcrzburg-Rothenburg-Ulm, Stein am Rhein, Freiburg, Graub\u00fcn-den, Salzburg, Passau, Paznauntal, S\u00fcdtirol, Bad Waldsee, Augsburg, \u00d6tztal, S\u00fcdtirol&#8230;<\/p>\n<p><strong>Chorinterne Wanderungen, Umtrunke, Nikolausfeiern<\/strong><\/p>\n<p><strong>Teilnahme bei Landess\u00e4ngerschirennen, Ortsvereineturniere<\/strong>&#8230;<\/p>\n<p><strong>Organisation der Altpapiersammlungen:<br \/>\n<\/strong>von 1985 \u2013 2008 (1.291 Tonnen Papier)<\/p>\n<p><strong>Jahreshauptversammlungen, Vorstandssitzungen, Besprechungen<\/strong><\/p>\n<\/div><\/div><\/div><\/div><\/div><\/div><\/div><\/section>\n","protected":false},"excerpt":{"rendered":"Geschichte Der Verein wurde am 10. Oktober 1965 als \u201eGemischter Chor Hittisau&#8220; gegr\u00fcndet. Im Jahre 1979 erfolgte die Umbenennung in \u201eChorgemeinschaft Hittisau&#8220;. Die Anzahl der S\u00e4ngerinnen und S\u00e4nger schwankte in diesen mehr als 50 Jahren des Bestehens zwischen 35 und 55 Frauen und M\u00e4nnern. Seit 1990 erfreut sich der Verein \u00fcber eine Vereinsfahne. Gr\u00fcndungsmitglieder am...","protected":false},"author":1,"featured_media":0,"parent":0,"menu_order":0,"comment_status":"closed","ping_status":"closed","template":"","meta":{"footnotes":""},"class_list":["post-30","page","type-page","status-publish","hentry"],"_links":{"self":[{"href":"https:\/\/chorgemeinschaft-hittisau.at\/Chor_Hittisau\/wp-json\/wp\/v2\/pages\/30","targetHints":{"allow":["GET"]}}],"collection":[{"href":"https:\/\/chorgemeinschaft-hittisau.at\/Chor_Hittisau\/wp-json\/wp\/v2\/pages"}],"about":[{"href":"https:\/\/chorgemeinschaft-hittisau.at\/Chor_Hittisau\/wp-json\/wp\/v2\/types\/page"}],"author":[{"embeddable":true,"href":"https:\/\/chorgemeinschaft-hittisau.at\/Chor_Hittisau\/wp-json\/wp\/v2\/users\/1"}],"replies":[{"embeddable":true,"href":"https:\/\/chorgemeinschaft-hittisau.at\/Chor_Hittisau\/wp-json\/wp\/v2\/comments?post=30"}],"version-history":[{"count":43,"href":"https:\/\/chorgemeinschaft-hittisau.at\/Chor_Hittisau\/wp-json\/wp\/v2\/pages\/30\/revisions"}],"predecessor-version":[{"id":1366,"href":"https:\/\/chorgemeinschaft-hittisau.at\/Chor_Hittisau\/wp-json\/wp\/v2\/pages\/30\/revisions\/1366"}],"wp:attachment":[{"href":"https:\/\/chorgemeinschaft-hittisau.at\/Chor_Hittisau\/wp-json\/wp\/v2\/media?parent=30"}],"curies":[{"name":"wp","href":"https:\/\/api.w.org\/{rel}","templated":true}]}}