{"id":6,"date":"2016-11-13T16:30:13","date_gmt":"2016-11-13T15:30:13","guid":{"rendered":"https:\/\/chorgemeinschaft-hittisau.at\/Chor_Hittisau\/?page_id=6"},"modified":"2025-12-31T10:26:43","modified_gmt":"2025-12-31T09:26:43","slug":"startseite","status":"publish","type":"page","link":"https:\/\/chorgemeinschaft-hittisau.at\/Chor_Hittisau\/","title":{"rendered":"HOME"},"content":{"rendered":"<section class=\"l-section wpb_row us_custom_edf2c04e height_medium\"><div class=\"l-section-h i-cf\"><div class=\"g-cols vc_row via_flex valign_top type_default stacking_default\"><div class=\"vc_col-sm-12 wpb_column vc_column_container\"><div class=\"vc_column-inner\"><div class=\"wpb_wrapper\"><div class=\"wpb_text_column\"><div class=\"wpb_wrapper\"><h2 style=\"text-align: left;\"><span style=\"font-size: 24pt;\">Aktuelles<\/span><\/h2>\n<hr class=\"style1\" \/>\n<\/div><\/div><\/div><\/div><\/div><\/div><\/div><\/section><section class=\"l-section wpb_row us_custom_edf2c04e height_medium\"><div class=\"l-section-h i-cf\"><div class=\"g-cols vc_row via_flex valign_top type_default stacking_default\"><div class=\"vc_col-sm-6 wpb_column vc_column_container\"><div class=\"vc_column-inner\"><div class=\"wpb_wrapper\"><div class=\"w-image align_none\"><a ref=\"magnificPopup\" href=\"https:\/\/chorgemeinschaft-hittisau.at\/Chor_Hittisau\/wp-content\/uploads\/Wenden-Wohin-2026-1.png\" aria-label=\"Wenden Wohin 2026\" class=\"w-image-h\"><img decoding=\"async\" width=\"1024\" height=\"723\" src=\"https:\/\/chorgemeinschaft-hittisau.at\/Chor_Hittisau\/wp-content\/uploads\/Wenden-Wohin-2026-1-1024x723.png\" class=\"attachment-large size-large\" alt=\"\" loading=\"lazy\" srcset=\"https:\/\/chorgemeinschaft-hittisau.at\/Chor_Hittisau\/wp-content\/uploads\/Wenden-Wohin-2026-1-1024x723.png 1024w, https:\/\/chorgemeinschaft-hittisau.at\/Chor_Hittisau\/wp-content\/uploads\/Wenden-Wohin-2026-1-300x212.png 300w, https:\/\/chorgemeinschaft-hittisau.at\/Chor_Hittisau\/wp-content\/uploads\/Wenden-Wohin-2026-1-600x424.png 600w, https:\/\/chorgemeinschaft-hittisau.at\/Chor_Hittisau\/wp-content\/uploads\/Wenden-Wohin-2026-1-768x543.png 768w, https:\/\/chorgemeinschaft-hittisau.at\/Chor_Hittisau\/wp-content\/uploads\/Wenden-Wohin-2026-1.png 2030w\" sizes=\"auto, (max-width: 1024px) 100vw, 1024px\" \/><\/a><\/div><\/div><\/div><\/div><div class=\"vc_col-sm-6 wpb_column vc_column_container\"><div class=\"vc_column-inner\"><div class=\"wpb_wrapper\"><div class=\"wpb_text_column\"><div class=\"wpb_wrapper\"><h1 class=\" display-4\">Wenden Wohin<\/h1>\n<h2 class=\"subheader text-secondary\">mit der Festrednerin Isabella Natter-Spets<\/h2>\n<p>Am 06.01.2026 um 10:00 Uhr begr\u00fc\u00dfen wir die Festrednerin Isabella Natter-Spets im RvB-Saal und freuen uns auf ihre Festrede. Musikalisch umrahmt wird die traditionelle Jahreswende von frauentonArt.<\/p>\n<\/div><\/div><\/div><\/div><\/div><\/div><\/div><\/section><section class=\"l-section wpb_row us_custom_edf2c04e height_medium\"><div class=\"l-section-h i-cf\"><div class=\"g-cols vc_row via_flex valign_top type_default stacking_default\"><div class=\"vc_col-sm-12 wpb_column vc_column_container\"><div class=\"vc_column-inner\"><div class=\"wpb_wrapper\"><div class=\"w-separator size_medium with_line width_default thick_1 style_solid color_border align_center with_content\"><div class=\"w-separator-h\"><i class=\"fas fa-music\"><\/i><\/div><\/div><\/div><\/div><\/div><\/div><\/div><\/section><section class=\"l-section wpb_row us_custom_edf2c04e height_medium\"><div class=\"l-section-h i-cf\"><div class=\"g-cols vc_row via_flex valign_top type_default stacking_default\"><div class=\"vc_col-sm-6 wpb_column vc_column_container\"><div class=\"vc_column-inner\"><div class=\"wpb_wrapper\"><div class=\"w-image align_none\"><a ref=\"magnificPopup\" href=\"https:\/\/chorgemeinschaft-hittisau.at\/Chor_Hittisau\/wp-content\/uploads\/Hanskaspa.png\" aria-label=\"Hanskaspa\" class=\"w-image-h\"><img decoding=\"async\" width=\"739\" height=\"1024\" src=\"https:\/\/chorgemeinschaft-hittisau.at\/Chor_Hittisau\/wp-content\/uploads\/Hanskaspa-739x1024.png\" class=\"attachment-large size-large\" alt=\"\" loading=\"lazy\" srcset=\"https:\/\/chorgemeinschaft-hittisau.at\/Chor_Hittisau\/wp-content\/uploads\/Hanskaspa-739x1024.png 739w, https:\/\/chorgemeinschaft-hittisau.at\/Chor_Hittisau\/wp-content\/uploads\/Hanskaspa-217x300.png 217w, https:\/\/chorgemeinschaft-hittisau.at\/Chor_Hittisau\/wp-content\/uploads\/Hanskaspa-600x831.png 600w, https:\/\/chorgemeinschaft-hittisau.at\/Chor_Hittisau\/wp-content\/uploads\/Hanskaspa-768x1064.png 768w, https:\/\/chorgemeinschaft-hittisau.at\/Chor_Hittisau\/wp-content\/uploads\/Hanskaspa.png 1138w\" sizes=\"auto, (max-width: 739px) 100vw, 739px\" \/><\/a><\/div><\/div><\/div><\/div><div class=\"vc_col-sm-6 wpb_column vc_column_container\"><div class=\"vc_column-inner\"><div class=\"wpb_wrapper\"><div class=\"wpb_text_column\"><div class=\"wpb_wrapper\"><h1 class=\" display-4\">Egg \u2013 Andelsbuch \u2013 reTOUR<\/h1>\n<h2 class=\"subheader text-secondary\">Hanskaspas Enkel &amp; Z\u00fcndschnurs Wieborsito<\/h2>\n<p>Nach \u201eWienerW\u00e4lder\u201c und \u201evo d\u2019r Scheso bis in Schrago\u201c pr\u00e4sentieren<span>\u00a0<\/span><strong>HANSKASPAS ENKEL<\/strong><span>\u00a0<\/span>(Z\u00fcndschnur Ulli Troy und seine beiden Cousins Richard und Jos Natter) mit<strong><span>\u00a0<\/span>Egg \u2013 Andelsbuch-reTOUR<\/strong><span>\u00a0<\/span>ihr neues Programm.<br \/>\nSchr\u00e4g, schrill, \u201eschwarz-hum\u00f6rig\u201c und \u2013 wie \u00fcblich \u2013 haben sie wieder zahlreiche neue und au\u00dfergew\u00f6hnliche Nummern bei dieser musikalischen Reise im Gep\u00e4ck. \u201eWas denen immer wieder einf\u00e4llt\u2026.\u201c<\/p>\n<p>Mit von der Partie ist<span>\u00a0<\/span><strong>Z\u00fcndschnurs Wieborsito<\/strong><span>\u00a0<\/span>(Eigendefinition von Evelyn Fink-Mennel, Isabella Fink, Irma-Maria Troy). Drei Jahre nach der Aufl\u00f6sung von z\u00fcndschnur &amp; b\u00e4nd musizieren, singen und jodeln die drei Ausnahmemusikerinnen (die \u201eW\u00e4lder Andrew Sisters\u201c) wieder\u00a0 gemeinsam und garantieren zusammen mit Hanskaspas Enkel einen h\u00f6chst abwechslungsreichen und unterhaltsamen Abend.<br \/>\nNicht ausgeschlossen, dass sie bei der TOUR nicht nur neben- sondern auch miteinander musizieren.<\/p>\n<\/div><\/div><\/div><\/div><\/div><\/div><\/div><\/section><section class=\"l-section wpb_row us_custom_edf2c04e height_medium\"><div class=\"l-section-h i-cf\"><div class=\"g-cols vc_row via_flex valign_top type_default stacking_default\"><div class=\"vc_col-sm-12 wpb_column vc_column_container\"><div class=\"vc_column-inner\"><div class=\"wpb_wrapper\"><div class=\"w-separator size_medium with_line width_default thick_1 style_solid color_border align_center with_content\"><div class=\"w-separator-h\"><i class=\"fas fa-music\"><\/i><\/div><\/div><\/div><\/div><\/div><\/div><\/div><\/section><section class=\"l-section wpb_row us_custom_edf2c04e height_medium\"><div class=\"l-section-h i-cf\"><div class=\"g-cols vc_row via_flex valign_top type_default stacking_default\"><div class=\"vc_col-sm-6 wpb_column vc_column_container\"><div class=\"vc_column-inner\"><div class=\"wpb_wrapper\"><div class=\"w-image align_none\"><a ref=\"magnificPopup\" href=\"https:\/\/chorgemeinschaft-hittisau.at\/Chor_Hittisau\/wp-content\/uploads\/Green-Gold-Floral-Watercolor-Wedding-Program-2.png\" aria-label=\"Green Gold Floral Watercolor Wedding Program (2)\" class=\"w-image-h\"><img decoding=\"async\" width=\"724\" height=\"1024\" src=\"https:\/\/chorgemeinschaft-hittisau.at\/Chor_Hittisau\/wp-content\/uploads\/Green-Gold-Floral-Watercolor-Wedding-Program-2-724x1024.png\" class=\"attachment-large size-large\" alt=\"\" loading=\"lazy\" srcset=\"https:\/\/chorgemeinschaft-hittisau.at\/Chor_Hittisau\/wp-content\/uploads\/Green-Gold-Floral-Watercolor-Wedding-Program-2-724x1024.png 724w, https:\/\/chorgemeinschaft-hittisau.at\/Chor_Hittisau\/wp-content\/uploads\/Green-Gold-Floral-Watercolor-Wedding-Program-2-212x300.png 212w, https:\/\/chorgemeinschaft-hittisau.at\/Chor_Hittisau\/wp-content\/uploads\/Green-Gold-Floral-Watercolor-Wedding-Program-2-600x849.png 600w, https:\/\/chorgemeinschaft-hittisau.at\/Chor_Hittisau\/wp-content\/uploads\/Green-Gold-Floral-Watercolor-Wedding-Program-2-768x1086.png 768w, https:\/\/chorgemeinschaft-hittisau.at\/Chor_Hittisau\/wp-content\/uploads\/Green-Gold-Floral-Watercolor-Wedding-Program-2.png 1414w\" sizes=\"auto, (max-width: 724px) 100vw, 724px\" \/><\/a><\/div><\/div><\/div><\/div><div class=\"vc_col-sm-6 wpb_column vc_column_container\"><div class=\"vc_column-inner\"><div class=\"wpb_wrapper\"><div class=\"wpb_text_column\"><div class=\"wpb_wrapper\"><p><span style=\"font-size: 24pt;\"><strong>Tag der Ch\u00f6re<\/strong><\/span><\/p>\n<p>Die Chorgemeinschaft Hittisau feiert in diesem Chorjahr das 60-j\u00e4hrige bestehen mit verschiedenen Veranstaltungen und Auftritten.<\/p>\n<\/div><\/div><\/div><\/div><\/div><\/div><\/div><\/section><section class=\"l-section wpb_row us_custom_edf2c04e height_medium\"><div class=\"l-section-h i-cf\"><div class=\"g-cols vc_row via_flex valign_top type_default stacking_default\"><div class=\"vc_col-sm-12 wpb_column vc_column_container\"><div class=\"vc_column-inner\"><div class=\"wpb_wrapper\"><div class=\"w-separator size_medium with_line width_default thick_1 style_solid color_border align_center with_content\"><div class=\"w-separator-h\"><i class=\"fas fa-music\"><\/i><\/div><\/div><\/div><\/div><\/div><\/div><\/div><\/section><section class=\"l-section wpb_row us_custom_edf2c04e height_medium\"><div class=\"l-section-h i-cf\"><div class=\"g-cols vc_row via_flex valign_top type_default stacking_default\"><div class=\"vc_col-sm-6 wpb_column vc_column_container\"><div class=\"vc_column-inner\"><div class=\"wpb_wrapper\"><div class=\"w-image align_none\"><a ref=\"magnificPopup\" href=\"https:\/\/chorgemeinschaft-hittisau.at\/Chor_Hittisau\/wp-content\/uploads\/Screenshot-2025-04-15-210958.png\" aria-label=\"Screenshot 2025-04-15 210958\" class=\"w-image-h\"><img decoding=\"async\" width=\"719\" height=\"1024\" src=\"https:\/\/chorgemeinschaft-hittisau.at\/Chor_Hittisau\/wp-content\/uploads\/Screenshot-2025-04-15-210958-719x1024.png\" class=\"attachment-large size-large\" alt=\"\" loading=\"lazy\" srcset=\"https:\/\/chorgemeinschaft-hittisau.at\/Chor_Hittisau\/wp-content\/uploads\/Screenshot-2025-04-15-210958-719x1024.png 719w, https:\/\/chorgemeinschaft-hittisau.at\/Chor_Hittisau\/wp-content\/uploads\/Screenshot-2025-04-15-210958-211x300.png 211w, https:\/\/chorgemeinschaft-hittisau.at\/Chor_Hittisau\/wp-content\/uploads\/Screenshot-2025-04-15-210958-600x855.png 600w, https:\/\/chorgemeinschaft-hittisau.at\/Chor_Hittisau\/wp-content\/uploads\/Screenshot-2025-04-15-210958-768x1094.png 768w, https:\/\/chorgemeinschaft-hittisau.at\/Chor_Hittisau\/wp-content\/uploads\/Screenshot-2025-04-15-210958.png 894w\" sizes=\"auto, (max-width: 719px) 100vw, 719px\" \/><\/a><\/div><\/div><\/div><\/div><div class=\"vc_col-sm-6 wpb_column vc_column_container\"><div class=\"vc_column-inner\"><div class=\"wpb_wrapper\"><div class=\"wpb_text_column\"><div class=\"wpb_wrapper\"><p><span style=\"font-size: 24pt;\"><strong>Tag der Ch\u00f6re<\/strong><\/span><\/p>\n<p>Die Chorgemeinschaft Hittisau feiert in diesem Chorjahr das 60-j\u00e4hrige bestehen mit verschiedenen Veranstaltungen und Auftritten.<\/p>\n<p>Mitwirkende:<\/p>\n<p>Chorgemeinschaft Hittisau<br \/>\nLIEDERm\u00e4nnerChor Alberschwende<br \/>\nJugendchor Da Capo al Fine<br \/>\nGeschwister Nussbaumer<br \/>\nKinderchor Singlinge Bregenzerwald<br \/>\nM\u00e4nnergesangsverein H\u00f6rbranz<br \/>\nFluher Ch\u00f6rle<br \/>\nSingwerkstatt Hittisau<br \/>\nM\u00fcselbacher Hum\u00f6re<br \/>\nStimmwerk<br \/>\nKirchenchor Sibratsgf\u00e4ll<br \/>\nPro Musica Langenegg-Krumbach<\/p>\n<\/div><\/div><\/div><\/div><\/div><\/div><\/div><\/section><section class=\"l-section wpb_row us_custom_edf2c04e height_medium\"><div class=\"l-section-h i-cf\"><div class=\"g-cols vc_row via_flex valign_top type_default stacking_default\"><div class=\"vc_col-sm-12 wpb_column vc_column_container\"><div class=\"vc_column-inner\"><div class=\"wpb_wrapper\"><div class=\"w-separator size_medium with_line width_default thick_1 style_solid color_border align_center with_content\"><div class=\"w-separator-h\"><i class=\"fas fa-music\"><\/i><\/div><\/div><\/div><\/div><\/div><\/div><\/div><\/section><section class=\"l-section wpb_row us_custom_edf2c04e height_medium\"><div class=\"l-section-h i-cf\"><div class=\"g-cols vc_row via_flex valign_top type_default stacking_default\"><div class=\"vc_col-sm-6 wpb_column vc_column_container\"><div class=\"vc_column-inner\"><div class=\"wpb_wrapper\"><div class=\"w-image align_none\"><a ref=\"magnificPopup\" href=\"https:\/\/chorgemeinschaft-hittisau.at\/Chor_Hittisau\/wp-content\/uploads\/Screenshot-2024-12-30-075758.png\" aria-label=\"Screenshot 2024-12-30 075758\" class=\"w-image-h\"><img decoding=\"async\" width=\"723\" height=\"1024\" src=\"https:\/\/chorgemeinschaft-hittisau.at\/Chor_Hittisau\/wp-content\/uploads\/Screenshot-2024-12-30-075758-723x1024.png\" class=\"attachment-large size-large\" alt=\"\" loading=\"lazy\" srcset=\"https:\/\/chorgemeinschaft-hittisau.at\/Chor_Hittisau\/wp-content\/uploads\/Screenshot-2024-12-30-075758-723x1024.png 723w, https:\/\/chorgemeinschaft-hittisau.at\/Chor_Hittisau\/wp-content\/uploads\/Screenshot-2024-12-30-075758-212x300.png 212w, https:\/\/chorgemeinschaft-hittisau.at\/Chor_Hittisau\/wp-content\/uploads\/Screenshot-2024-12-30-075758-600x850.png 600w, https:\/\/chorgemeinschaft-hittisau.at\/Chor_Hittisau\/wp-content\/uploads\/Screenshot-2024-12-30-075758-768x1088.png 768w, https:\/\/chorgemeinschaft-hittisau.at\/Chor_Hittisau\/wp-content\/uploads\/Screenshot-2024-12-30-075758.png 1090w\" sizes=\"auto, (max-width: 723px) 100vw, 723px\" \/><\/a><\/div><\/div><\/div><\/div><div class=\"vc_col-sm-6 wpb_column vc_column_container\"><div class=\"vc_column-inner\"><div class=\"wpb_wrapper\"><div class=\"wpb_text_column\"><div class=\"wpb_wrapper\"><p><span style=\"font-size: 24pt;\"><strong>Wenden Wohin<\/strong><\/span><\/p>\n<p>F\u00fcr unsere traditionelle Festrede am 06.01.2025 konnten wir Marianna Nenning gewinnen. Marianna Nenning ist seit Mai 2021 am Haus der Geschichte \u00d6sterreich im kuratorischen Team t\u00e4tig. Wir freuen uns auf sie als Festrednerin.<\/p>\n<\/div><\/div><\/div><\/div><\/div><\/div><\/div><\/section><section class=\"l-section wpb_row us_custom_edf2c04e height_medium\"><div class=\"l-section-h i-cf\"><div class=\"g-cols vc_row via_flex valign_top type_default stacking_default\"><div class=\"vc_col-sm-12 wpb_column vc_column_container\"><div class=\"vc_column-inner\"><div class=\"wpb_wrapper\"><div class=\"w-separator size_medium with_line width_default thick_1 style_solid color_border align_center with_content\"><div class=\"w-separator-h\"><i class=\"fas fa-music\"><\/i><\/div><\/div><\/div><\/div><\/div><\/div><\/div><\/section><section class=\"l-section wpb_row us_custom_edf2c04e height_medium\"><div class=\"l-section-h i-cf\"><div class=\"g-cols vc_row via_flex valign_top type_default stacking_default\"><div class=\"vc_col-sm-6 wpb_column vc_column_container\"><div class=\"vc_column-inner\"><div class=\"wpb_wrapper\"><div class=\"w-image align_none\"><a ref=\"magnificPopup\" href=\"https:\/\/chorgemeinschaft-hittisau.at\/Chor_Hittisau\/wp-content\/uploads\/60-Jahre-klein.jpg\" aria-label=\"60 Jahre klein\" class=\"w-image-h\"><img decoding=\"async\" width=\"724\" height=\"1024\" src=\"https:\/\/chorgemeinschaft-hittisau.at\/Chor_Hittisau\/wp-content\/uploads\/60-Jahre-klein-724x1024.jpg\" class=\"attachment-large size-large\" alt=\"\" loading=\"lazy\" srcset=\"https:\/\/chorgemeinschaft-hittisau.at\/Chor_Hittisau\/wp-content\/uploads\/60-Jahre-klein-724x1024.jpg 724w, https:\/\/chorgemeinschaft-hittisau.at\/Chor_Hittisau\/wp-content\/uploads\/60-Jahre-klein-212x300.jpg 212w, https:\/\/chorgemeinschaft-hittisau.at\/Chor_Hittisau\/wp-content\/uploads\/60-Jahre-klein-600x848.jpg 600w, https:\/\/chorgemeinschaft-hittisau.at\/Chor_Hittisau\/wp-content\/uploads\/60-Jahre-klein-768x1086.jpg 768w, https:\/\/chorgemeinschaft-hittisau.at\/Chor_Hittisau\/wp-content\/uploads\/60-Jahre-klein.jpg 1164w\" sizes=\"auto, (max-width: 724px) 100vw, 724px\" \/><\/a><\/div><\/div><\/div><\/div><div class=\"vc_col-sm-6 wpb_column vc_column_container\"><div class=\"vc_column-inner\"><div class=\"wpb_wrapper\"><div class=\"wpb_text_column\"><div class=\"wpb_wrapper\"><p><span style=\"font-size: 24pt;\"><strong>60 Jahre Chorgemeinschaft Hittisau<\/strong><\/span><\/p>\n<p>Die Chorgemeinschaft Hittisau feiert in diesem Chorjahr das 60-j\u00e4hrige bestehen mit verschiedenen Veranstaltungen und Auftritten.<\/p>\n<\/div><\/div><\/div><\/div><\/div><\/div><\/div><\/section><section class=\"l-section wpb_row us_custom_edf2c04e height_medium\"><div class=\"l-section-h i-cf\"><div class=\"g-cols vc_row via_flex valign_top type_default stacking_default\"><div class=\"vc_col-sm-12 wpb_column vc_column_container\"><div class=\"vc_column-inner\"><div class=\"wpb_wrapper\"><div class=\"w-separator size_medium with_line width_default thick_1 style_solid color_border align_center with_content\"><div class=\"w-separator-h\"><i class=\"fas fa-music\"><\/i><\/div><\/div><\/div><\/div><\/div><\/div><\/div><\/section><section class=\"l-section wpb_row us_custom_04e7aa0a height_medium\"><div class=\"l-section-h i-cf\"><div class=\"g-cols vc_row via_flex valign_top type_default stacking_default\"><div class=\"vc_col-sm-12 wpb_column vc_column_container\"><div class=\"vc_column-inner\"><div class=\"wpb_wrapper\"><div class=\"w-image align_center\"><div class=\"w-image-h\"><img decoding=\"async\" width=\"1920\" height=\"1080\" src=\"https:\/\/chorgemeinschaft-hittisau.at\/Chor_Hittisau\/wp-content\/uploads\/Chor-gesamt-1920.jpg\" class=\"attachment-full size-full\" alt=\"\" loading=\"lazy\" srcset=\"https:\/\/chorgemeinschaft-hittisau.at\/Chor_Hittisau\/wp-content\/uploads\/Chor-gesamt-1920.jpg 1920w, https:\/\/chorgemeinschaft-hittisau.at\/Chor_Hittisau\/wp-content\/uploads\/Chor-gesamt-1920-300x169.jpg 300w, https:\/\/chorgemeinschaft-hittisau.at\/Chor_Hittisau\/wp-content\/uploads\/Chor-gesamt-1920-1024x576.jpg 1024w, https:\/\/chorgemeinschaft-hittisau.at\/Chor_Hittisau\/wp-content\/uploads\/Chor-gesamt-1920-600x338.jpg 600w, https:\/\/chorgemeinschaft-hittisau.at\/Chor_Hittisau\/wp-content\/uploads\/Chor-gesamt-1920-768x432.jpg 768w\" sizes=\"auto, (max-width: 1920px) 100vw, 1920px\" \/><\/div><\/div><\/div><\/div><\/div><\/div><\/div><\/section><section class=\"l-section wpb_row us_custom_1f64da91 height_medium\"><div class=\"l-section-h i-cf\"><div class=\"g-cols vc_row via_flex valign_top type_default stacking_default\"><div class=\"vc_col-sm-3 wpb_column vc_column_container\"><div class=\"vc_column-inner\"><div class=\"wpb_wrapper\"><div class=\"wpb_text_column\"><div class=\"wpb_wrapper\"><\/div><\/div><\/div><\/div><\/div><div class=\"vc_col-sm-3 wpb_column vc_column_container\"><div class=\"vc_column-inner\"><div class=\"wpb_wrapper\"><div class=\"wpb_text_column\"><div class=\"wpb_wrapper\"><\/div><\/div><\/div><\/div><\/div><div class=\"vc_col-sm-3 wpb_column vc_column_container\"><div class=\"vc_column-inner\"><div class=\"wpb_wrapper\"><div class=\"wpb_text_column\"><div class=\"wpb_wrapper\"><\/div><\/div><\/div><\/div><\/div><div class=\"vc_col-sm-3 wpb_column vc_column_container\"><div class=\"vc_column-inner\"><div class=\"wpb_wrapper\"><div class=\"wpb_text_column\"><div class=\"wpb_wrapper\"><\/div><\/div><\/div><\/div><\/div><\/div><\/div><\/section>\n","protected":false},"excerpt":{"rendered":"Aktuelles Wenden Wohin mit der Festrednerin Isabella Natter-Spets Am 06.01.2026 um 10:00 Uhr begr\u00fc\u00dfen wir die Festrednerin Isabella Natter-Spets im RvB-Saal und freuen uns auf ihre Festrede. Musikalisch umrahmt wird die traditionelle Jahreswende von frauentonArt. Egg \u2013 Andelsbuch \u2013 reTOUR Hanskaspas Enkel &amp; Z\u00fcndschnurs Wieborsito Nach \u201eWienerW\u00e4lder\u201c und \u201evo d\u2019r Scheso bis in Schrago\u201c pr\u00e4sentieren\u00a0HANSKASPAS...","protected":false},"author":1,"featured_media":0,"parent":0,"menu_order":0,"comment_status":"closed","ping_status":"closed","template":"","meta":{"footnotes":""},"class_list":["post-6","page","type-page","status-publish","hentry"],"_links":{"self":[{"href":"https:\/\/chorgemeinschaft-hittisau.at\/Chor_Hittisau\/wp-json\/wp\/v2\/pages\/6","targetHints":{"allow":["GET"]}}],"collection":[{"href":"https:\/\/chorgemeinschaft-hittisau.at\/Chor_Hittisau\/wp-json\/wp\/v2\/pages"}],"about":[{"href":"https:\/\/chorgemeinschaft-hittisau.at\/Chor_Hittisau\/wp-json\/wp\/v2\/types\/page"}],"author":[{"embeddable":true,"href":"https:\/\/chorgemeinschaft-hittisau.at\/Chor_Hittisau\/wp-json\/wp\/v2\/users\/1"}],"replies":[{"embeddable":true,"href":"https:\/\/chorgemeinschaft-hittisau.at\/Chor_Hittisau\/wp-json\/wp\/v2\/comments?post=6"}],"version-history":[{"count":214,"href":"https:\/\/chorgemeinschaft-hittisau.at\/Chor_Hittisau\/wp-json\/wp\/v2\/pages\/6\/revisions"}],"predecessor-version":[{"id":1558,"href":"https:\/\/chorgemeinschaft-hittisau.at\/Chor_Hittisau\/wp-json\/wp\/v2\/pages\/6\/revisions\/1558"}],"wp:attachment":[{"href":"https:\/\/chorgemeinschaft-hittisau.at\/Chor_Hittisau\/wp-json\/wp\/v2\/media?parent=6"}],"curies":[{"name":"wp","href":"https:\/\/api.w.org\/{rel}","templated":true}]}}